{"id":7,"date":"2021-12-17T19:27:52","date_gmt":"2021-12-17T19:27:52","guid":{"rendered":"https:\/\/www.theaterfreunde-ulm.de\/?page_id=7"},"modified":"2026-01-30T17:00:14","modified_gmt":"2026-01-30T17:00:14","slug":"willkommen","status":"publish","type":"page","link":"https:\/\/www.theaterfreunde-ulm.de\/","title":{"rendered":"willkommen"},"content":{"rendered":"\t\t<div data-elementor-type=\"wp-page\" data-elementor-id=\"7\" class=\"elementor elementor-7\" data-elementor-post-type=\"page\">\n\t\t\t\t\t\t<section class=\"elementor-section elementor-top-section elementor-element elementor-element-a9deec9 elementor-section-full_width header elementor-section-height-default elementor-section-height-default\" data-id=\"a9deec9\" data-element_type=\"section\" data-settings=\"{&quot;background_background&quot;:&quot;classic&quot;,&quot;sticky&quot;:&quot;top&quot;,&quot;sticky_effects_offset&quot;:50,&quot;sticky_on&quot;:[&quot;desktop&quot;,&quot;tablet&quot;,&quot;mobile&quot;],&quot;sticky_offset&quot;:0,&quot;sticky_anchor_link_offset&quot;:0}\">\n\t\t\t\t\t\t<div class=\"elementor-container elementor-column-gap-default\">\n\t\t\t\t\t<div class=\"elementor-column elementor-col-50 elementor-top-column elementor-element elementor-element-860edbd\" data-id=\"860edbd\" data-element_type=\"column\">\n\t\t\t<div class=\"elementor-widget-wrap elementor-element-populated\">\n\t\t\t\t\t\t<div class=\"elementor-element elementor-element-1a0bbdf logo elementor-widget elementor-widget-heading\" data-id=\"1a0bbdf\" data-element_type=\"widget\" data-settings=\"{&quot;sticky&quot;:&quot;top&quot;,&quot;sticky_on&quot;:[&quot;desktop&quot;,&quot;tablet&quot;,&quot;mobile&quot;],&quot;sticky_offset&quot;:0,&quot;sticky_effects_offset&quot;:0,&quot;sticky_anchor_link_offset&quot;:0}\" data-widget_type=\"heading.default\">\n\t\t\t\t<div class=\"elementor-widget-container\">\n\t\t\t\t\t<h2 class=\"elementor-heading-title elementor-size-default\"><a href=\"https:\/\/www.theaterfreunde-ulm.de\"><b> Theaterfreunde <\/b> Ulm<\/a><\/h2>\t\t\t\t<\/div>\n\t\t\t\t<\/div>\n\t\t\t\t\t<\/div>\n\t\t<\/div>\n\t\t\t\t<div class=\"elementor-column elementor-col-50 elementor-top-column elementor-element elementor-element-5333d8f\" data-id=\"5333d8f\" data-element_type=\"column\">\n\t\t\t<div class=\"elementor-widget-wrap elementor-element-populated\">\n\t\t\t\t\t\t<div class=\"elementor-element elementor-element-407dea5 elementor-nav-menu__align-center elementor-nav-menu--dropdown-tablet elementor-nav-menu__text-align-aside elementor-nav-menu--toggle elementor-nav-menu--burger elementor-widget elementor-widget-nav-menu\" data-id=\"407dea5\" data-element_type=\"widget\" data-settings=\"{&quot;layout&quot;:&quot;horizontal&quot;,&quot;submenu_icon&quot;:{&quot;value&quot;:&quot;&lt;i class=\\&quot;fas fa-caret-down\\&quot;&gt;&lt;\\\/i&gt;&quot;,&quot;library&quot;:&quot;fa-solid&quot;},&quot;toggle&quot;:&quot;burger&quot;}\" data-widget_type=\"nav-menu.default\">\n\t\t\t\t<div class=\"elementor-widget-container\">\n\t\t\t\t\t\t\t\t<nav aria-label=\"Men\u00fc\" class=\"elementor-nav-menu--main elementor-nav-menu__container elementor-nav-menu--layout-horizontal e--pointer-underline e--animation-fade\">\n\t\t\t\t<ul id=\"menu-1-407dea5\" class=\"elementor-nav-menu\"><li class=\"menu-item menu-item-type-custom menu-item-object-custom menu-item-342\"><a href=\"#willkommen\" class=\"elementor-item elementor-item-anchor\">Willkommen<\/a><\/li>\n<li class=\"menu-item menu-item-type-custom menu-item-object-custom menu-item-343\"><a href=\"#verein\" class=\"elementor-item elementor-item-anchor\">Verein<\/a><\/li>\n<li class=\"menu-item menu-item-type-custom menu-item-object-custom menu-item-344\"><a href=\"#aktivitaeten\" class=\"elementor-item elementor-item-anchor\">Aktivit\u00e4ten<\/a><\/li>\n<li class=\"menu-item menu-item-type-custom menu-item-object-custom menu-item-345\"><a href=\"#geschichte\" class=\"elementor-item elementor-item-anchor\">Geschichte<\/a><\/li>\n<li class=\"menu-item menu-item-type-custom menu-item-object-custom menu-item-346\"><a href=\"#kontakte\" class=\"elementor-item elementor-item-anchor\">Kontakt<\/a><\/li>\n<\/ul>\t\t\t<\/nav>\n\t\t\t\t\t<div class=\"elementor-menu-toggle\" role=\"button\" tabindex=\"0\" aria-label=\"Menu Toggle\" aria-expanded=\"false\">\n\t\t\t<i aria-hidden=\"true\" role=\"presentation\" class=\"elementor-menu-toggle__icon--open eicon-menu-bar\"><\/i><i aria-hidden=\"true\" role=\"presentation\" class=\"elementor-menu-toggle__icon--close eicon-close\"><\/i>\t\t<\/div>\n\t\t\t\t\t<nav class=\"elementor-nav-menu--dropdown elementor-nav-menu__container\" aria-hidden=\"true\">\n\t\t\t\t<ul id=\"menu-2-407dea5\" class=\"elementor-nav-menu\"><li class=\"menu-item menu-item-type-custom menu-item-object-custom menu-item-342\"><a href=\"#willkommen\" class=\"elementor-item elementor-item-anchor\" tabindex=\"-1\">Willkommen<\/a><\/li>\n<li class=\"menu-item menu-item-type-custom menu-item-object-custom menu-item-343\"><a href=\"#verein\" class=\"elementor-item elementor-item-anchor\" tabindex=\"-1\">Verein<\/a><\/li>\n<li class=\"menu-item menu-item-type-custom menu-item-object-custom menu-item-344\"><a href=\"#aktivitaeten\" class=\"elementor-item elementor-item-anchor\" tabindex=\"-1\">Aktivit\u00e4ten<\/a><\/li>\n<li class=\"menu-item menu-item-type-custom menu-item-object-custom menu-item-345\"><a href=\"#geschichte\" class=\"elementor-item elementor-item-anchor\" tabindex=\"-1\">Geschichte<\/a><\/li>\n<li class=\"menu-item menu-item-type-custom menu-item-object-custom menu-item-346\"><a href=\"#kontakte\" class=\"elementor-item elementor-item-anchor\" tabindex=\"-1\">Kontakt<\/a><\/li>\n<\/ul>\t\t\t<\/nav>\n\t\t\t\t\t\t<\/div>\n\t\t\t\t<\/div>\n\t\t\t\t\t<\/div>\n\t\t<\/div>\n\t\t\t\t\t<\/div>\n\t\t<\/section>\n\t\t\t\t<section class=\"elementor-section elementor-top-section elementor-element elementor-element-53c9241f elementor-section-full_width elementor-reverse-mobile elementor-section-height-default elementor-section-height-default\" data-id=\"53c9241f\" data-element_type=\"section\" data-settings=\"{&quot;background_background&quot;:&quot;classic&quot;,&quot;shape_divider_bottom&quot;:&quot;triangle-asymmetrical&quot;,&quot;shape_divider_bottom_negative&quot;:&quot;yes&quot;}\">\n\t\t\t\t\t\t\t<div class=\"elementor-background-overlay\"><\/div>\n\t\t\t\t\t\t<div class=\"elementor-shape elementor-shape-bottom\" aria-hidden=\"true\" data-negative=\"true\">\n\t\t\t<svg xmlns=\"http:\/\/www.w3.org\/2000\/svg\" viewBox=\"0 0 1000 100\" preserveAspectRatio=\"none\">\n\t<path class=\"elementor-shape-fill\" d=\"M737.9,94.7L0,0v100h1000V0L737.9,94.7z\"\/>\n<\/svg>\t\t<\/div>\n\t\t\t\t\t<div class=\"elementor-container elementor-column-gap-default\">\n\t\t\t\t\t<div class=\"elementor-column elementor-col-50 elementor-top-column elementor-element elementor-element-abe64a1\" data-id=\"abe64a1\" data-element_type=\"column\">\n\t\t\t<div class=\"elementor-widget-wrap elementor-element-populated\">\n\t\t\t\t\t\t<div class=\"elementor-element elementor-element-42d354b elementor-hidden-desktop elementor-hidden-tablet elementor-widget elementor-widget-spacer\" data-id=\"42d354b\" data-element_type=\"widget\" data-widget_type=\"spacer.default\">\n\t\t\t\t<div class=\"elementor-widget-container\">\n\t\t\t\t\t\t\t<div class=\"elementor-spacer\">\n\t\t\t<div class=\"elementor-spacer-inner\"><\/div>\n\t\t<\/div>\n\t\t\t\t\t\t<\/div>\n\t\t\t\t<\/div>\n\t\t\t\t<div class=\"elementor-element elementor-element-70611ec elementor-hidden-desktop elementor-hidden-tablet elementor-widget elementor-widget-image\" data-id=\"70611ec\" data-element_type=\"widget\" data-widget_type=\"image.default\">\n\t\t\t\t<div class=\"elementor-widget-container\">\n\t\t\t\t\t\t\t\t\t\t\t\t\t\t\t\t<a href=\"#spende\">\n\t\t\t\t\t\t\t<img decoding=\"async\" width=\"150\" height=\"150\" src=\"https:\/\/www.theaterfreunde-ulm.de\/wp-content\/uploads\/2025\/09\/Button-1-150x150.png\" class=\"attachment-thumbnail size-thumbnail wp-image-875\" alt=\"\" srcset=\"https:\/\/www.theaterfreunde-ulm.de\/wp-content\/uploads\/2025\/09\/Button-1-150x150.png 150w, https:\/\/www.theaterfreunde-ulm.de\/wp-content\/uploads\/2025\/09\/Button-1-600x600.png 600w, https:\/\/www.theaterfreunde-ulm.de\/wp-content\/uploads\/2025\/09\/elementor\/thumbs\/Button-1-rbvnxcyksdmhpgi8ipz3zn6q3ijmt053osyt1vifts.png 400w\" sizes=\"(max-width: 150px) 100vw, 150px\" \/>\t\t\t\t\t\t\t\t<\/a>\n\t\t\t\t\t\t\t\t\t\t\t\t\t\t\t<\/div>\n\t\t\t\t<\/div>\n\t\t\t\t<div class=\"elementor-element elementor-element-512e237 elementor-hidden-mobile elementor-widget elementor-widget-image\" data-id=\"512e237\" data-element_type=\"widget\" data-widget_type=\"image.default\">\n\t\t\t\t<div class=\"elementor-widget-container\">\n\t\t\t\t\t\t\t\t\t\t\t\t\t\t\t\t<a href=\"#spende\">\n\t\t\t\t\t\t\t<img decoding=\"async\" src=\"https:\/\/www.theaterfreunde-ulm.de\/wp-content\/uploads\/elementor\/thumbs\/Button-1-rbvnxcyksdmhpgi8ipz3zn6q3ijmt053osyt1vifts.png\" title=\"Button (1)\" alt=\"Button (1)\" loading=\"lazy\" \/>\t\t\t\t\t\t\t\t<\/a>\n\t\t\t\t\t\t\t\t\t\t\t\t\t\t\t<\/div>\n\t\t\t\t<\/div>\n\t\t\t\t<div class=\"elementor-element elementor-element-33b998c elementor-widget elementor-widget-heading\" data-id=\"33b998c\" data-element_type=\"widget\" data-widget_type=\"heading.default\">\n\t\t\t\t<div class=\"elementor-widget-container\">\n\t\t\t\t\t<h2 class=\"elementor-heading-title elementor-size-default\">Gro\u00dfe Spendenaktion nach Brand im Theaterlager startete am 19.09.2025\n\nF\u00fcr weitere Informationen bitte nach unten scrollen!\n\n\n\n<\/h2>\t\t\t\t<\/div>\n\t\t\t\t<\/div>\n\t\t\t\t\t<\/div>\n\t\t<\/div>\n\t\t\t\t<div class=\"elementor-column elementor-col-50 elementor-top-column elementor-element elementor-element-1d21ef4\" data-id=\"1d21ef4\" data-element_type=\"column\">\n\t\t\t<div class=\"elementor-widget-wrap elementor-element-populated\">\n\t\t\t\t\t\t<div class=\"elementor-element elementor-element-64194b9 elementor-hidden-mobile elementor-widget elementor-widget-spacer\" data-id=\"64194b9\" data-element_type=\"widget\" data-widget_type=\"spacer.default\">\n\t\t\t\t<div class=\"elementor-widget-container\">\n\t\t\t\t\t\t\t<div class=\"elementor-spacer\">\n\t\t\t<div class=\"elementor-spacer-inner\"><\/div>\n\t\t<\/div>\n\t\t\t\t\t\t<\/div>\n\t\t\t\t<\/div>\n\t\t\t\t<div class=\"elementor-element elementor-element-bcbcdf1 elementor-widget elementor-widget-heading\" data-id=\"bcbcdf1\" data-element_type=\"widget\" data-widget_type=\"heading.default\">\n\t\t\t\t<div class=\"elementor-widget-container\">\n\t\t\t\t\t<h2 class=\"elementor-heading-title elementor-size-default\">Freunde und F\u00f6rderer des Ulmer Theaters e.V.<\/h2>\t\t\t\t<\/div>\n\t\t\t\t<\/div>\n\t\t\t\t\t<\/div>\n\t\t<\/div>\n\t\t\t\t\t<\/div>\n\t\t<\/section>\n\t\t\t\t<section class=\"elementor-section elementor-top-section elementor-element elementor-element-7f0452c2 elementor-section-boxed elementor-section-height-default elementor-section-height-default\" data-id=\"7f0452c2\" data-element_type=\"section\">\n\t\t\t\t\t\t<div class=\"elementor-container elementor-column-gap-wide\">\n\t\t\t\t\t<div class=\"elementor-column elementor-col-33 elementor-top-column elementor-element elementor-element-1a51a285\" data-id=\"1a51a285\" data-element_type=\"column\">\n\t\t\t<div class=\"elementor-widget-wrap elementor-element-populated\">\n\t\t\t\t\t\t<div class=\"elementor-element elementor-element-38f8560 elementor-position-top elementor-widget elementor-widget-image-box\" data-id=\"38f8560\" data-element_type=\"widget\" data-widget_type=\"image-box.default\">\n\t\t\t\t<div class=\"elementor-widget-container\">\n\t\t\t\t\t<div class=\"elementor-image-box-wrapper\"><figure class=\"elementor-image-box-img\"><img fetchpriority=\"high\" decoding=\"async\" width=\"1536\" height=\"1086\" src=\"https:\/\/www.theaterfreunde-ulm.de\/wp-content\/uploads\/2021\/12\/Verein-1536x1086.jpeg\" class=\"attachment-1536x1536 size-1536x1536 wp-image-82\" alt=\"\" srcset=\"https:\/\/www.theaterfreunde-ulm.de\/wp-content\/uploads\/2021\/12\/Verein-1536x1086.jpeg 1536w, https:\/\/www.theaterfreunde-ulm.de\/wp-content\/uploads\/2021\/12\/Verein-300x212.jpeg 300w, https:\/\/www.theaterfreunde-ulm.de\/wp-content\/uploads\/2021\/12\/Verein-1024x724.jpeg 1024w, https:\/\/www.theaterfreunde-ulm.de\/wp-content\/uploads\/2021\/12\/Verein-768x543.jpeg 768w, https:\/\/www.theaterfreunde-ulm.de\/wp-content\/uploads\/2021\/12\/Verein-2048x1448.jpeg 2048w\" sizes=\"(max-width: 1536px) 100vw, 1536px\" \/><\/figure><div class=\"elementor-image-box-content\"><h3 class=\"elementor-image-box-title\">Verein<\/h3><p class=\"elementor-image-box-description\">Vorstand, Beitragsordnung, Satzung, Beitrittserkl\u00e4rung: Hier finden Sie alle organisatorischen Informationen.<\/p><\/div><\/div>\t\t\t\t<\/div>\n\t\t\t\t<\/div>\n\t\t\t\t<div class=\"elementor-element elementor-element-56af053 elementor-widget-divider--view-line elementor-widget elementor-widget-divider\" data-id=\"56af053\" data-element_type=\"widget\" data-widget_type=\"divider.default\">\n\t\t\t\t<div class=\"elementor-widget-container\">\n\t\t\t\t\t\t\t<div class=\"elementor-divider\">\n\t\t\t<span class=\"elementor-divider-separator\">\n\t\t\t\t\t\t<\/span>\n\t\t<\/div>\n\t\t\t\t\t\t<\/div>\n\t\t\t\t<\/div>\n\t\t\t\t<div class=\"elementor-element elementor-element-9c64dbb elementor-widget elementor-widget-heading\" data-id=\"9c64dbb\" data-element_type=\"widget\" data-widget_type=\"heading.default\">\n\t\t\t\t<div class=\"elementor-widget-container\">\n\t\t\t\t\t<h2 class=\"elementor-heading-title elementor-size-default\"><a href=\"#verein\">Mehr Informationen<\/a><\/h2>\t\t\t\t<\/div>\n\t\t\t\t<\/div>\n\t\t\t\t\t<\/div>\n\t\t<\/div>\n\t\t\t\t<div class=\"elementor-column elementor-col-33 elementor-top-column elementor-element elementor-element-60ac7676\" data-id=\"60ac7676\" data-element_type=\"column\">\n\t\t\t<div class=\"elementor-widget-wrap elementor-element-populated\">\n\t\t\t\t\t\t<div class=\"elementor-element elementor-element-bf68619 elementor-position-top elementor-widget elementor-widget-image-box\" data-id=\"bf68619\" data-element_type=\"widget\" data-widget_type=\"image-box.default\">\n\t\t\t\t<div class=\"elementor-widget-container\">\n\t\t\t\t\t<div class=\"elementor-image-box-wrapper\"><figure class=\"elementor-image-box-img\"><img decoding=\"async\" width=\"1536\" height=\"1086\" src=\"https:\/\/www.theaterfreunde-ulm.de\/wp-content\/uploads\/2021\/12\/Aktivita\u0308ten-1536x1086.jpeg\" class=\"attachment-1536x1536 size-1536x1536 wp-image-80\" alt=\"\" srcset=\"https:\/\/www.theaterfreunde-ulm.de\/wp-content\/uploads\/2021\/12\/Aktivita\u0308ten-1536x1086.jpeg 1536w, https:\/\/www.theaterfreunde-ulm.de\/wp-content\/uploads\/2021\/12\/Aktivita\u0308ten-300x212.jpeg 300w, https:\/\/www.theaterfreunde-ulm.de\/wp-content\/uploads\/2021\/12\/Aktivita\u0308ten-1024x724.jpeg 1024w, https:\/\/www.theaterfreunde-ulm.de\/wp-content\/uploads\/2021\/12\/Aktivita\u0308ten-768x543.jpeg 768w, https:\/\/www.theaterfreunde-ulm.de\/wp-content\/uploads\/2021\/12\/Aktivita\u0308ten-2048x1448.jpeg 2048w\" sizes=\"(max-width: 1536px) 100vw, 1536px\" \/><\/figure><div class=\"elementor-image-box-content\"><h3 class=\"elementor-image-box-title\">Aktivit\u00e4ten<\/h3><p class=\"elementor-image-box-description\">Informationen zu finanzieller Unterst\u00fctzung, Generalprobenbesuchen, unserer eigenen Veranstaltungsreihe und mehr.<\/p><\/div><\/div>\t\t\t\t<\/div>\n\t\t\t\t<\/div>\n\t\t\t\t<div class=\"elementor-element elementor-element-b110813 elementor-widget-divider--view-line elementor-widget elementor-widget-divider\" data-id=\"b110813\" data-element_type=\"widget\" data-widget_type=\"divider.default\">\n\t\t\t\t<div class=\"elementor-widget-container\">\n\t\t\t\t\t\t\t<div class=\"elementor-divider\">\n\t\t\t<span class=\"elementor-divider-separator\">\n\t\t\t\t\t\t<\/span>\n\t\t<\/div>\n\t\t\t\t\t\t<\/div>\n\t\t\t\t<\/div>\n\t\t\t\t<div class=\"elementor-element elementor-element-fda0a79 elementor-widget elementor-widget-heading\" data-id=\"fda0a79\" data-element_type=\"widget\" data-widget_type=\"heading.default\">\n\t\t\t\t<div class=\"elementor-widget-container\">\n\t\t\t\t\t<h2 class=\"elementor-heading-title elementor-size-default\"><a href=\"#aktivitaeten\">Mehr Informationen<\/a><\/h2>\t\t\t\t<\/div>\n\t\t\t\t<\/div>\n\t\t\t\t\t<\/div>\n\t\t<\/div>\n\t\t\t\t<div class=\"elementor-column elementor-col-33 elementor-top-column elementor-element elementor-element-531e21ac\" data-id=\"531e21ac\" data-element_type=\"column\">\n\t\t\t<div class=\"elementor-widget-wrap elementor-element-populated\">\n\t\t\t\t\t\t<div class=\"elementor-element elementor-element-f9785a2 elementor-position-top elementor-widget elementor-widget-image-box\" data-id=\"f9785a2\" data-element_type=\"widget\" data-widget_type=\"image-box.default\">\n\t\t\t\t<div class=\"elementor-widget-container\">\n\t\t\t\t\t<div class=\"elementor-image-box-wrapper\"><figure class=\"elementor-image-box-img\"><img loading=\"lazy\" decoding=\"async\" width=\"1536\" height=\"1086\" src=\"https:\/\/www.theaterfreunde-ulm.de\/wp-content\/uploads\/2021\/12\/Geschichte-1536x1086.jpeg\" class=\"attachment-1536x1536 size-1536x1536 wp-image-81\" alt=\"\" srcset=\"https:\/\/www.theaterfreunde-ulm.de\/wp-content\/uploads\/2021\/12\/Geschichte-1536x1086.jpeg 1536w, https:\/\/www.theaterfreunde-ulm.de\/wp-content\/uploads\/2021\/12\/Geschichte-300x212.jpeg 300w, https:\/\/www.theaterfreunde-ulm.de\/wp-content\/uploads\/2021\/12\/Geschichte-1024x724.jpeg 1024w, https:\/\/www.theaterfreunde-ulm.de\/wp-content\/uploads\/2021\/12\/Geschichte-768x543.jpeg 768w, https:\/\/www.theaterfreunde-ulm.de\/wp-content\/uploads\/2021\/12\/Geschichte-2048x1448.jpeg 2048w\" sizes=\"(max-width: 1536px) 100vw, 1536px\" \/><\/figure><div class=\"elementor-image-box-content\"><h3 class=\"elementor-image-box-title\">Geschichte<\/h3><p class=\"elementor-image-box-description\">Zur Entstehung unseres Vereins und den Meilensteinen in unserer Geschichte erfahren Sie hier mehr.<\/p><\/div><\/div>\t\t\t\t<\/div>\n\t\t\t\t<\/div>\n\t\t\t\t<div class=\"elementor-element elementor-element-08db649 elementor-widget-divider--view-line elementor-widget elementor-widget-divider\" data-id=\"08db649\" data-element_type=\"widget\" data-widget_type=\"divider.default\">\n\t\t\t\t<div class=\"elementor-widget-container\">\n\t\t\t\t\t\t\t<div class=\"elementor-divider\">\n\t\t\t<span class=\"elementor-divider-separator\">\n\t\t\t\t\t\t<\/span>\n\t\t<\/div>\n\t\t\t\t\t\t<\/div>\n\t\t\t\t<\/div>\n\t\t\t\t<div class=\"elementor-element elementor-element-6940370 elementor-widget elementor-widget-heading\" data-id=\"6940370\" data-element_type=\"widget\" data-widget_type=\"heading.default\">\n\t\t\t\t<div class=\"elementor-widget-container\">\n\t\t\t\t\t<h2 class=\"elementor-heading-title elementor-size-default\"><a href=\"#geschichte\">Mehr Informationen<\/a><\/h2>\t\t\t\t<\/div>\n\t\t\t\t<\/div>\n\t\t\t\t\t<\/div>\n\t\t<\/div>\n\t\t\t\t\t<\/div>\n\t\t<\/section>\n\t\t\t\t<section class=\"elementor-section elementor-top-section elementor-element elementor-element-12bb95b elementor-section-boxed elementor-section-height-default elementor-section-height-default\" data-id=\"12bb95b\" data-element_type=\"section\">\n\t\t\t\t\t\t<div class=\"elementor-container elementor-column-gap-default\">\n\t\t\t\t\t<div class=\"elementor-column elementor-col-100 elementor-top-column elementor-element elementor-element-2b41065\" data-id=\"2b41065\" data-element_type=\"column\">\n\t\t\t<div class=\"elementor-widget-wrap elementor-element-populated\">\n\t\t\t\t\t\t<div class=\"elementor-element elementor-element-5dbd21b elementor-widget elementor-widget-menu-anchor\" data-id=\"5dbd21b\" data-element_type=\"widget\" data-widget_type=\"menu-anchor.default\">\n\t\t\t\t<div class=\"elementor-widget-container\">\n\t\t\t\t\t\t\t<div class=\"elementor-menu-anchor\" id=\"spende\"><\/div>\n\t\t\t\t\t\t<\/div>\n\t\t\t\t<\/div>\n\t\t\t\t<section class=\"elementor-section elementor-inner-section elementor-element elementor-element-587e5e8 elementor-section-boxed elementor-section-height-default elementor-section-height-default\" data-id=\"587e5e8\" data-element_type=\"section\">\n\t\t\t\t\t\t<div class=\"elementor-container elementor-column-gap-default\">\n\t\t\t\t\t<div class=\"elementor-column elementor-col-50 elementor-inner-column elementor-element elementor-element-426ed43\" data-id=\"426ed43\" data-element_type=\"column\">\n\t\t\t<div class=\"elementor-widget-wrap elementor-element-populated\">\n\t\t\t\t\t\t<div class=\"elementor-element elementor-element-5970808 elementor-widget elementor-widget-image\" data-id=\"5970808\" data-element_type=\"widget\" data-widget_type=\"image.default\">\n\t\t\t\t<div class=\"elementor-widget-container\">\n\t\t\t\t\t\t\t\t\t\t\t\t\t\t\t<img decoding=\"async\" width=\"150\" height=\"150\" src=\"https:\/\/www.theaterfreunde-ulm.de\/wp-content\/uploads\/2025\/09\/Button-1-150x150.png\" class=\"attachment-thumbnail size-thumbnail wp-image-875\" alt=\"\" srcset=\"https:\/\/www.theaterfreunde-ulm.de\/wp-content\/uploads\/2025\/09\/Button-1-150x150.png 150w, https:\/\/www.theaterfreunde-ulm.de\/wp-content\/uploads\/2025\/09\/Button-1-600x600.png 600w, https:\/\/www.theaterfreunde-ulm.de\/wp-content\/uploads\/2025\/09\/elementor\/thumbs\/Button-1-rbvnxcyksdmhpgi8ipz3zn6q3ijmt053osyt1vifts.png 400w\" sizes=\"(max-width: 150px) 100vw, 150px\" \/>\t\t\t\t\t\t\t\t\t\t\t\t\t\t\t<\/div>\n\t\t\t\t<\/div>\n\t\t\t\t\t<\/div>\n\t\t<\/div>\n\t\t\t\t<div class=\"elementor-column elementor-col-50 elementor-inner-column elementor-element elementor-element-4473b81\" data-id=\"4473b81\" data-element_type=\"column\">\n\t\t\t<div class=\"elementor-widget-wrap elementor-element-populated\">\n\t\t\t\t\t\t<div class=\"elementor-element elementor-element-ad31532 elementor-widget elementor-widget-heading\" data-id=\"ad31532\" data-element_type=\"widget\" data-widget_type=\"heading.default\">\n\t\t\t\t<div class=\"elementor-widget-container\">\n\t\t\t\t\t<h2 class=\"elementor-heading-title elementor-size-default\">Spendenaktion<\/h2>\t\t\t\t<\/div>\n\t\t\t\t<\/div>\n\t\t\t\t\t<\/div>\n\t\t<\/div>\n\t\t\t\t\t<\/div>\n\t\t<\/section>\n\t\t\t\t\t<\/div>\n\t\t<\/div>\n\t\t\t\t\t<\/div>\n\t\t<\/section>\n\t\t\t\t<section class=\"elementor-section elementor-top-section elementor-element elementor-element-772db1e elementor-section-boxed elementor-section-height-default elementor-section-height-default\" data-id=\"772db1e\" data-element_type=\"section\">\n\t\t\t\t\t\t<div class=\"elementor-container elementor-column-gap-wide\">\n\t\t\t\t\t<div class=\"elementor-column elementor-col-50 elementor-top-column elementor-element elementor-element-196473a\" data-id=\"196473a\" data-element_type=\"column\">\n\t\t\t<div class=\"elementor-widget-wrap elementor-element-populated\">\n\t\t\t\t\t\t<div class=\"elementor-element elementor-element-0ff108d elementor-widget elementor-widget-image\" data-id=\"0ff108d\" data-element_type=\"widget\" data-widget_type=\"image.default\">\n\t\t\t\t<div class=\"elementor-widget-container\">\n\t\t\t\t\t\t\t\t\t\t\t\t<figure class=\"wp-caption\">\n\t\t\t\t\t\t\t\t\t\t<img loading=\"lazy\" decoding=\"async\" width=\"819\" height=\"1024\" src=\"https:\/\/www.theaterfreunde-ulm.de\/wp-content\/uploads\/2025\/09\/Button-819x1024.jpg\" class=\"attachment-large size-large wp-image-878\" alt=\"\" srcset=\"https:\/\/www.theaterfreunde-ulm.de\/wp-content\/uploads\/2025\/09\/Button-819x1024.jpg 819w, https:\/\/www.theaterfreunde-ulm.de\/wp-content\/uploads\/2025\/09\/Button-240x300.jpg 240w, https:\/\/www.theaterfreunde-ulm.de\/wp-content\/uploads\/2025\/09\/Button-768x960.jpg 768w, https:\/\/www.theaterfreunde-ulm.de\/wp-content\/uploads\/2025\/09\/Button.jpg 1080w\" sizes=\"(max-width: 819px) 100vw, 819px\" \/>\t\t\t\t\t\t\t\t\t\t\t<figcaption class=\"widget-image-caption wp-caption-text\">Foto: Theater Ulm<\/figcaption>\n\t\t\t\t\t\t\t\t\t\t<\/figure>\n\t\t\t\t\t\t\t\t\t<\/div>\n\t\t\t\t<\/div>\n\t\t\t\t<div class=\"elementor-element elementor-element-d9bdc1d elementor-arrows-position-inside elementor-pagination-position-outside elementor-widget elementor-widget-image-carousel\" data-id=\"d9bdc1d\" data-element_type=\"widget\" data-settings=\"{&quot;slides_to_show&quot;:&quot;1&quot;,&quot;navigation&quot;:&quot;both&quot;,&quot;autoplay&quot;:&quot;yes&quot;,&quot;pause_on_hover&quot;:&quot;yes&quot;,&quot;pause_on_interaction&quot;:&quot;yes&quot;,&quot;autoplay_speed&quot;:5000,&quot;infinite&quot;:&quot;yes&quot;,&quot;effect&quot;:&quot;slide&quot;,&quot;speed&quot;:500}\" data-widget_type=\"image-carousel.default\">\n\t\t\t\t<div class=\"elementor-widget-container\">\n\t\t\t\t\t\t\t<div class=\"elementor-image-carousel-wrapper swiper\" role=\"region\" aria-roledescription=\"carousel\" aria-label=\"Bild Karussell\" dir=\"ltr\">\n\t\t\t<div class=\"elementor-image-carousel swiper-wrapper\" aria-live=\"off\">\n\t\t\t\t\t\t\t\t<div class=\"swiper-slide\" role=\"group\" aria-roledescription=\"slide\" aria-label=\"1 von 2\"><figure class=\"swiper-slide-inner\"><img decoding=\"async\" class=\"swiper-slide-image\" src=\"https:\/\/www.theaterfreunde-ulm.de\/wp-content\/uploads\/2025\/09\/bo-768x512.jpg\" alt=\"Foto: Jochen Klenk\" \/><figcaption class=\"elementor-image-carousel-caption\">Foto: Jochen Klenk<\/figcaption><\/figure><\/div><div class=\"swiper-slide\" role=\"group\" aria-roledescription=\"slide\" aria-label=\"2 von 2\"><figure class=\"swiper-slide-inner\"><img decoding=\"async\" class=\"swiper-slide-image\" src=\"https:\/\/www.theaterfreunde-ulm.de\/wp-content\/uploads\/2025\/09\/cendrillon_hp2_c_Kaufhold_0017-1-768x511.jpg\" alt=\"Foto: Martin Kaufhold\" \/><figcaption class=\"elementor-image-carousel-caption\">Foto: Martin Kaufhold<\/figcaption><\/figure><\/div>\t\t\t<\/div>\n\t\t\t\t\t\t\t\t\t\t\t\t<div class=\"elementor-swiper-button elementor-swiper-button-prev\" role=\"button\" tabindex=\"0\">\n\t\t\t\t\t\t<i aria-hidden=\"true\" class=\"eicon-chevron-left\"><\/i>\t\t\t\t\t<\/div>\n\t\t\t\t\t<div class=\"elementor-swiper-button elementor-swiper-button-next\" role=\"button\" tabindex=\"0\">\n\t\t\t\t\t\t<i aria-hidden=\"true\" class=\"eicon-chevron-right\"><\/i>\t\t\t\t\t<\/div>\n\t\t\t\t\n\t\t\t\t\t\t\t\t\t<div class=\"swiper-pagination\"><\/div>\n\t\t\t\t\t\t\t\t\t<\/div>\n\t\t\t\t\t\t<\/div>\n\t\t\t\t<\/div>\n\t\t\t\t\t<\/div>\n\t\t<\/div>\n\t\t\t\t<div class=\"elementor-column elementor-col-50 elementor-top-column elementor-element elementor-element-044ffd2\" data-id=\"044ffd2\" data-element_type=\"column\">\n\t\t\t<div class=\"elementor-widget-wrap elementor-element-populated\">\n\t\t\t\t\t\t<div class=\"elementor-element elementor-element-55090c4 elementor-widget elementor-widget-text-editor\" data-id=\"55090c4\" data-element_type=\"widget\" data-widget_type=\"text-editor.default\">\n\t\t\t\t<div class=\"elementor-widget-container\">\n\t\t\t\t\t\t\t\t\t<p><strong>Der Fundus des Theaters Ulm braucht uns<\/strong><\/p><p>Am 25. Juni 2025 brannte das Theaterlager in der ehemaligen Paketposthalle v\u00f6llig aus. Das Feuer zerst\u00f6rte unter anderem den dort gelagerten Kost\u00fcmfundus:\u00a0 die rund 27.000 Kleidungsst\u00fccke auf 530 Meter picke-packe-vollen Kleiderstangen, entsprachen rund zwei Drittel des Gesamtbestands. Alle Uniformen, Ordenskost\u00fcme, Brautkleider, Trachten, Kinderkleider und historischen Kost\u00fcme unseres Theaters sind perd\u00fa. Der Wert dieser Zerst\u00f6rung l\u00e4sst sich \u2013 wenn \u00fcberhaupt- nur schwer beziffern; beispielswiese stecken in einem Renaissancekleid bis zu 150 Arbeitsstunden. Der ideelle Schaden ist ohnehin viel h\u00f6her.<\/p><p><strong>Die \u201eFreunde und F\u00f6rderer des Ulmer Theaters e.V.\u201c bitten Sie um Unterst\u00fctzung unserer Spendenaktion \u201eFundus\u201c.<\/strong> Diese Spendenaktion startet mit der Premiere \u201eIdomeneo\u201c am 19.09.2025 f\u00fcr die Dauer der Spielzeit 2025\/2026 und wird mit der \u00dcbergabe des hoffentlich namhaften sechsstelligen Spendenbetrags im Sommer 2026 an die Theaterleitung enden. Unser ambitioniertes Ziel ist ein Spendengesamtbetrag in H\u00f6he von 300.000 Euro. Dieser Betrag erscheint auf den ersten Blick riesig. Wir meinen, er ist ein wichtiges Zeichen der Solidarit\u00e4t der B\u00fcrgerschaft mit dem Theater; finanziell bedeutet der anvisierte Betrag jedoch mit Blick auf den Gesamtschaden nur einen \u2013 wichtigen &#8211; Anfang.<\/p><p>Bitte unterst\u00fctzen Sie unsere Aktion mit einer \u00dcberweisung auf eines unserer Spendenkonten, Kontoinhaber ist jeweils der F\u00f6rderverein des Theaters Ulm, die \u201eFreunde und F\u00f6rderer des Ulmer Theaters e.V.\u201c:<\/p><p><strong>IBAN: DE13 6305 0000 0000 0070 10<\/strong><br \/><strong>Sparkasse Ulm \u00a0\u00a0BIC: SOLADES1ULM<\/strong><\/p><p><strong>IBAN: DE56 6309 0100 0172 3190 05<\/strong><br \/><strong>Volksbank Ulm Biberach eG \u00a0\u00a0BIC: ULMVDE66<\/strong><\/p><p>Bitte vergessen Sie nicht, auf der \u00dcberweisung Ihre Anschrift anzugeben, denn wir m\u00f6chten Ihnen nat\u00fcrlich eine Spendenbescheinigung zuschicken.<\/p><p>Gern informieren wir Sie per E-Mail \u00fcber den Erfolg der Spendenaktion w\u00e4hrend der Spielzeit 2025\/2026. Wenn Sie diese Informationen w\u00fcnschen, senden Sie bitte eine E-Mail an <a href=\"mailto:info@theaterfreunde-ulm.de\">info@theaterfreunde-ulm.de<\/a> mit Ihrem Einverst\u00e4ndnis, das wir Ihre E-Mailadresse daf\u00fcr verwenden d\u00fcrfen.<\/p><p>\u00a0<\/p><p>\u00a0<\/p>\t\t\t\t\t\t\t\t<\/div>\n\t\t\t\t<\/div>\n\t\t\t\t\t<\/div>\n\t\t<\/div>\n\t\t\t\t\t<\/div>\n\t\t<\/section>\n\t\t\t\t<section class=\"elementor-section elementor-top-section elementor-element elementor-element-2a355a1 elementor-section-boxed elementor-section-height-default elementor-section-height-default\" data-id=\"2a355a1\" data-element_type=\"section\">\n\t\t\t\t\t\t<div class=\"elementor-container elementor-column-gap-default\">\n\t\t\t\t\t<div class=\"elementor-column elementor-col-100 elementor-top-column elementor-element elementor-element-e171d04\" data-id=\"e171d04\" data-element_type=\"column\">\n\t\t\t<div class=\"elementor-widget-wrap elementor-element-populated\">\n\t\t\t\t\t\t<div class=\"elementor-element elementor-element-b102e2f elementor-widget elementor-widget-menu-anchor\" data-id=\"b102e2f\" data-element_type=\"widget\" data-widget_type=\"menu-anchor.default\">\n\t\t\t\t<div class=\"elementor-widget-container\">\n\t\t\t\t\t\t\t<div class=\"elementor-menu-anchor\" id=\"verein\"><\/div>\n\t\t\t\t\t\t<\/div>\n\t\t\t\t<\/div>\n\t\t\t\t\t<\/div>\n\t\t<\/div>\n\t\t\t\t\t<\/div>\n\t\t<\/section>\n\t\t\t\t<section class=\"elementor-section elementor-top-section elementor-element elementor-element-9fc88d0 elementor-section-boxed elementor-section-height-default elementor-section-height-default\" data-id=\"9fc88d0\" data-element_type=\"section\">\n\t\t\t\t\t\t<div class=\"elementor-container elementor-column-gap-default\">\n\t\t\t\t\t<div class=\"elementor-column elementor-col-100 elementor-top-column elementor-element elementor-element-dd74a25\" data-id=\"dd74a25\" data-element_type=\"column\">\n\t\t\t<div class=\"elementor-widget-wrap\">\n\t\t\t\t\t\t\t<\/div>\n\t\t<\/div>\n\t\t\t\t\t<\/div>\n\t\t<\/section>\n\t\t\t\t<section class=\"elementor-section elementor-top-section elementor-element elementor-element-75141350 elementor-section-full_width elementor-section-height-min-height elementor-section-items-stretch elementor-section-height-default\" data-id=\"75141350\" data-element_type=\"section\" data-settings=\"{&quot;background_background&quot;:&quot;classic&quot;}\">\n\t\t\t\t\t\t<div class=\"elementor-container elementor-column-gap-default\">\n\t\t\t\t\t<div class=\"elementor-column elementor-col-50 elementor-top-column elementor-element elementor-element-65761f67\" data-id=\"65761f67\" data-element_type=\"column\" data-settings=\"{&quot;background_background&quot;:&quot;classic&quot;}\">\n\t\t\t<div class=\"elementor-widget-wrap elementor-element-populated\">\n\t\t\t\t\t\t<div class=\"elementor-element elementor-element-205fbe93 elementor-widget elementor-widget-spacer\" data-id=\"205fbe93\" data-element_type=\"widget\" data-widget_type=\"spacer.default\">\n\t\t\t\t<div class=\"elementor-widget-container\">\n\t\t\t\t\t\t\t<div class=\"elementor-spacer\">\n\t\t\t<div class=\"elementor-spacer-inner\"><\/div>\n\t\t<\/div>\n\t\t\t\t\t\t<\/div>\n\t\t\t\t<\/div>\n\t\t\t\t\t<\/div>\n\t\t<\/div>\n\t\t\t\t<div class=\"elementor-column elementor-col-50 elementor-top-column elementor-element elementor-element-7a6237a1\" data-id=\"7a6237a1\" data-element_type=\"column\" data-settings=\"{&quot;background_background&quot;:&quot;classic&quot;}\">\n\t\t\t<div class=\"elementor-widget-wrap elementor-element-populated\">\n\t\t\t\t\t\t<div class=\"elementor-element elementor-element-00a334c elementor-widget elementor-widget-heading\" data-id=\"00a334c\" data-element_type=\"widget\" data-widget_type=\"heading.default\">\n\t\t\t\t<div class=\"elementor-widget-container\">\n\t\t\t\t\t<h2 class=\"elementor-heading-title elementor-size-default\">Verein<\/h2>\t\t\t\t<\/div>\n\t\t\t\t<\/div>\n\t\t\t\t<div class=\"elementor-element elementor-element-7c93333 elementor-widget elementor-widget-text-editor\" data-id=\"7c93333\" data-element_type=\"widget\" data-widget_type=\"text-editor.default\">\n\t\t\t\t<div class=\"elementor-widget-container\">\n\t\t\t\t\t\t\t\t\t<p>Der Verein \u201eFreunde und F\u00f6rderer des Ulmer Theaters e.V.\u201c, kurz Theaterfreunde genannt, hat derzeit rund 420 Mitglieder. Satzungszweck ist die F\u00f6rderung der Kunst und Kultur im Theater Ulm. Mit den Mitgliedsbeitr\u00e4gen und Spenden unterst\u00fctzen wir ausgew\u00e4hlte Produktionen, besondere Anschaffungen und auch besondere Veranstaltungen des Theaters Ulm.<\/p><p>Der Verein ist gemeinn\u00fctzig (VR 776 Amtsgericht Ulm); Mitgliedsbeitr\u00e4ge und Spenden sind steuerlich absetzbar. Die aktuelle Freistellungsbescheinigung datiert vom 10.09.2024<\/p>\t\t\t\t\t\t\t\t<\/div>\n\t\t\t\t<\/div>\n\t\t\t\t<section class=\"elementor-section elementor-inner-section elementor-element elementor-element-312eed5 elementor-section-boxed elementor-section-height-default elementor-section-height-default\" data-id=\"312eed5\" data-element_type=\"section\">\n\t\t\t\t\t\t<div class=\"elementor-container elementor-column-gap-wider\">\n\t\t\t\t\t<div class=\"elementor-column elementor-col-66 elementor-inner-column elementor-element elementor-element-a608866\" data-id=\"a608866\" data-element_type=\"column\">\n\t\t\t<div class=\"elementor-widget-wrap elementor-element-populated\">\n\t\t\t\t\t\t<div class=\"elementor-element elementor-element-66863be elementor-widget elementor-widget-text-editor\" data-id=\"66863be\" data-element_type=\"widget\" data-widget_type=\"text-editor.default\">\n\t\t\t\t<div class=\"elementor-widget-container\">\n\t\t\t\t\t\t\t\t\t<p><strong>Vorstand<\/strong><\/p><p>Johanna Kienzerle , Vorsitzende<br \/>Cornelia Kaufmann, stv. Vorsitzende<br \/>Kerstin S\u00fc\u00df, Schatzmeisterin<br \/>Cordula Brehm, Schriftf\u00fchrerin<br \/>Martina Merath, Beisitzerin<br \/>Detlef Czypulovski, Beisitzer<\/p><h5 class=\"\">Satzung, Beitragsordnung, Beitrittserkl\u00e4rung<\/h5><p>Der Verein ist gemeinn\u00fctzig (VR 776 Amtsgericht Ulm); Mitgliedsbeitr\u00e4ge und Spenden sind steuerlich absetzbar. Die aktuelle Freistellungsbescheinigung datiert vom 10.09.2024.<\/p><p>downloads:<br \/><a href=\"https:\/\/www.theaterfreunde-ulm.de\/wp-content\/uploads\/2022\/09\/Satzung-20.06.2022.pdf\">&gt;&gt; Satzung 20.06.2022<\/a><br \/>&gt;&gt; <a href=\"https:\/\/www.theaterfreunde-ulm.de\/wp-content\/uploads\/2022\/09\/Mitglieds-und-Beitragsordnung.pdf\">Mitglieds- und Beitragsordnung<\/a><br \/>&gt;&gt; <a href=\"https:\/\/www.theaterfreunde-ulm.de\/wp-content\/uploads\/2022\/09\/Beitrittserklaerung.pdf\">Beitrittserkl\u00e4rung <\/a><\/p>\t\t\t\t\t\t\t\t<\/div>\n\t\t\t\t<\/div>\n\t\t\t\t\t<\/div>\n\t\t<\/div>\n\t\t\t\t<div class=\"elementor-column elementor-col-33 elementor-inner-column elementor-element elementor-element-da67083\" data-id=\"da67083\" data-element_type=\"column\">\n\t\t\t<div class=\"elementor-widget-wrap elementor-element-populated\">\n\t\t\t\t\t\t<div class=\"elementor-element elementor-element-a4f8663 elementor-widget elementor-widget-text-editor\" data-id=\"a4f8663\" data-element_type=\"widget\" data-widget_type=\"text-editor.default\">\n\t\t\t\t<div class=\"elementor-widget-container\">\n\t\t\t\t\t\t\t\t\t<p><strong>Mitgliederversammlung:<\/strong><\/p><p>N\u00e4chste Mitgliederversammlung: 20.04.2026<\/p><p><strong>Bankverbindung\/Spendenkonto:<\/strong><\/p><p>IBAN:\u00a0 DE13 6305 0000 0000 0070 10 Sparkasse Ulm BIC: SOLADES1ULM<\/p><p>IBAN: DE56 6309 0100 0172 3190 05<br \/>Volksbank Ulm Biberach eG BIC:ULMVDE66<\/p>\t\t\t\t\t\t\t\t<\/div>\n\t\t\t\t<\/div>\n\t\t\t\t\t<\/div>\n\t\t<\/div>\n\t\t\t\t\t<\/div>\n\t\t<\/section>\n\t\t\t\t\t<\/div>\n\t\t<\/div>\n\t\t\t\t\t<\/div>\n\t\t<\/section>\n\t\t\t\t<section class=\"elementor-section elementor-top-section elementor-element elementor-element-ed6ac0f elementor-section-boxed elementor-section-height-default elementor-section-height-default\" data-id=\"ed6ac0f\" data-element_type=\"section\">\n\t\t\t\t\t\t<div class=\"elementor-container elementor-column-gap-default\">\n\t\t\t\t\t<div class=\"elementor-column elementor-col-100 elementor-top-column elementor-element elementor-element-31ecc7e\" data-id=\"31ecc7e\" data-element_type=\"column\">\n\t\t\t<div class=\"elementor-widget-wrap elementor-element-populated\">\n\t\t\t\t\t\t<div class=\"elementor-element elementor-element-4d91371 elementor-widget elementor-widget-menu-anchor\" data-id=\"4d91371\" data-element_type=\"widget\" data-widget_type=\"menu-anchor.default\">\n\t\t\t\t<div class=\"elementor-widget-container\">\n\t\t\t\t\t\t\t<div class=\"elementor-menu-anchor\" id=\"aktivitaeten\"><\/div>\n\t\t\t\t\t\t<\/div>\n\t\t\t\t<\/div>\n\t\t\t\t<div class=\"elementor-element elementor-element-e8f37a8 elementor-widget elementor-widget-heading\" data-id=\"e8f37a8\" data-element_type=\"widget\" data-widget_type=\"heading.default\">\n\t\t\t\t<div class=\"elementor-widget-container\">\n\t\t\t\t\t<h2 class=\"elementor-heading-title elementor-size-default\">Aktivit\u00e4ten<\/h2>\t\t\t\t<\/div>\n\t\t\t\t<\/div>\n\t\t\t\t\t<\/div>\n\t\t<\/div>\n\t\t\t\t\t<\/div>\n\t\t<\/section>\n\t\t\t\t<section class=\"elementor-section elementor-top-section elementor-element elementor-element-1d2160b elementor-section-boxed elementor-section-height-default elementor-section-height-default\" data-id=\"1d2160b\" data-element_type=\"section\">\n\t\t\t\t\t\t<div class=\"elementor-container elementor-column-gap-wider\">\n\t\t\t\t\t<div class=\"elementor-column elementor-col-33 elementor-top-column elementor-element elementor-element-03cc5ee\" data-id=\"03cc5ee\" data-element_type=\"column\">\n\t\t\t<div class=\"elementor-widget-wrap elementor-element-populated\">\n\t\t\t\t\t\t<div class=\"elementor-element elementor-element-9a730ad elementor-widget elementor-widget-text-editor\" data-id=\"9a730ad\" data-element_type=\"widget\" data-widget_type=\"text-editor.default\">\n\t\t\t\t<div class=\"elementor-widget-container\">\n\t\t\t\t\t\t\t\t\t<p><strong>Finanzielle Unterst\u00fctzung<br \/><\/strong><br \/>In der Spielzeit 2025\/2026 f\u00f6rdert der Verein:\u00a0<\/p><p>Das Advents- Kammerkonzert im Stadthaus im Dezember 2025<\/p><p>Die Inszenierungen<br \/>&#8222;Meistersinger&#8220;\u00a0<br \/>&#8222;Oleanna&#8220;<br \/>&#8222;Mephisto&#8220;\u00a0<\/p><p>Theaterpreise 2026<\/p><p>Die CD der Oper von Charles Tournemire &#8222;le petit pauvre d&#8217;assise&#8220;, die zur Urauff\u00fchrung des Jahres von der OPERNWELT gek\u00fcrt worden ist<\/p><p>Die B\u00fcrgerb\u00fchne Musiktheater f\u00fcr 15-25-j\u00e4hrige unter Leitung von Benjamin K\u00fcnzel: seit 2007 inszeniert Herr K\u00fcnzel ausschlie\u00dflich Operette mit den Jugendlichen und jungen Erwachsenen und dies ist einzigartig in Deutschland. Dieses &#8222;Ulmer Format&#8220; erf\u00e4hrt seit Jahren \u00fcberregionaler Beachtung und in der Szene der\u00a0 Jugendlichen hat dieses Projekt nahezu Kultstatus. Dabei gibt es keine feste Gruppe, sie findet sich jedes Jahr zu Beginn der Spielzeit neu.\u00a0<\/p>\t\t\t\t\t\t\t\t<\/div>\n\t\t\t\t<\/div>\n\t\t\t\t\t<\/div>\n\t\t<\/div>\n\t\t\t\t<div class=\"elementor-column elementor-col-33 elementor-top-column elementor-element elementor-element-d3c9979\" data-id=\"d3c9979\" data-element_type=\"column\">\n\t\t\t<div class=\"elementor-widget-wrap elementor-element-populated\">\n\t\t\t\t\t\t<div class=\"elementor-element elementor-element-1ac0921 elementor-widget elementor-widget-text-editor\" data-id=\"1ac0921\" data-element_type=\"widget\" data-widget_type=\"text-editor.default\">\n\t\t\t\t<div class=\"elementor-widget-container\">\n\t\t\t\t\t\t\t\t\t<p><strong>Veranstaltungsreihe<br \/>&#8222;Theaterfreunde im Gespr\u00e4ch mit&#8230;&#8220;<\/strong><\/p><p>Im Rahmen dieser Veranstaltungsreihe laden wir in unregelm\u00e4\u00dfigen Abst\u00e4nden eine Pers\u00f6nlichkeit aus dem Theater ein. Die n\u00e4chsten Termine und G\u00e4ste\u00a0 sind:<\/p><p>29.10.2025 I Chiao Shih (Mezzosopran)<\/p><p>14.01.2026 Joshua Spink (Tenor)<\/p><p>04.02.2026 Vincent Furrer (Schauspieler)<\/p><p>11.03.2026 Nikolai Petersen (Kapellmeister, Studienleiter)<\/p><p>22.04.2026 Adele Schlichter (Schauspielerin)<\/p><p>17.06.2026 Kay Metzger (Intendant)<\/p><p>Die Veranstaltungen finden wieder im Gro\u00dfen Nebenzimmer des &#8222;La Fontana&#8220; im Rathaus Ulm statt. Beginn 19:30 Uhr. Interessierte G\u00e4ste (Nichtmitglieder) sind willkommen.<\/p>\t\t\t\t\t\t\t\t<\/div>\n\t\t\t\t<\/div>\n\t\t\t\t\t<\/div>\n\t\t<\/div>\n\t\t\t\t<div class=\"elementor-column elementor-col-33 elementor-top-column elementor-element elementor-element-21a211e\" data-id=\"21a211e\" data-element_type=\"column\">\n\t\t\t<div class=\"elementor-widget-wrap elementor-element-populated\">\n\t\t\t\t\t\t<div class=\"elementor-element elementor-element-54a5477 elementor-widget elementor-widget-text-editor\" data-id=\"54a5477\" data-element_type=\"widget\" data-widget_type=\"text-editor.default\">\n\t\t\t\t<div class=\"elementor-widget-container\">\n\t\t\t\t\t\t\t\t\t<p><strong>Generalproben und andere Termine<br \/><\/strong><\/p><p>In der Spielzeit 2025\/2026 haben unsere Mitglieder Zutritt zu ausgew\u00e4hlten Generalproben:<\/p><p>&#8222;BUNTE FISCHE&#8220; Podium 10.10.2025<\/p><p>&#8222;MEPHISTO&#8220; Schauspiel\u00a0 17.03.2026<\/p><p>&#8222;CREATIVE DIALOGUES&#8220; Tanztheater 28.04.2026<\/p><p>&#8222;DIE MEISTERSINGER VON N\u00dcRNBERG&#8220; Musiktheater 01.06.2026<\/p><p>Termin\u00e4nderungen vorbehalten<\/p>\t\t\t\t\t\t\t\t<\/div>\n\t\t\t\t<\/div>\n\t\t\t\t\t<\/div>\n\t\t<\/div>\n\t\t\t\t\t<\/div>\n\t\t<\/section>\n\t\t\t\t<section class=\"elementor-section elementor-top-section elementor-element elementor-element-8fea0be elementor-section-boxed elementor-section-height-default elementor-section-height-default\" data-id=\"8fea0be\" data-element_type=\"section\">\n\t\t\t\t\t\t<div class=\"elementor-container elementor-column-gap-default\">\n\t\t\t\t\t<div class=\"elementor-column elementor-col-100 elementor-top-column elementor-element elementor-element-42efdb1\" data-id=\"42efdb1\" data-element_type=\"column\">\n\t\t\t<div class=\"elementor-widget-wrap elementor-element-populated\">\n\t\t\t\t\t\t<div class=\"elementor-element elementor-element-f9613bd elementor-widget elementor-widget-spacer\" data-id=\"f9613bd\" data-element_type=\"widget\" data-widget_type=\"spacer.default\">\n\t\t\t\t<div class=\"elementor-widget-container\">\n\t\t\t\t\t\t\t<div class=\"elementor-spacer\">\n\t\t\t<div class=\"elementor-spacer-inner\"><\/div>\n\t\t<\/div>\n\t\t\t\t\t\t<\/div>\n\t\t\t\t<\/div>\n\t\t\t\t\t<\/div>\n\t\t<\/div>\n\t\t\t\t\t<\/div>\n\t\t<\/section>\n\t\t\t\t<section class=\"elementor-section elementor-top-section elementor-element elementor-element-5e9b4206 elementor-section-content-middle elementor-section-boxed elementor-section-height-default elementor-section-height-default\" data-id=\"5e9b4206\" data-element_type=\"section\" data-settings=\"{&quot;background_background&quot;:&quot;classic&quot;,&quot;background_motion_fx_motion_fx_scrolling&quot;:&quot;yes&quot;,&quot;background_motion_fx_devices&quot;:[&quot;desktop&quot;,&quot;tablet&quot;,&quot;mobile&quot;]}\">\n\t\t\t\t\t\t\t<div class=\"elementor-background-overlay\"><\/div>\n\t\t\t\t\t\t\t<div class=\"elementor-container elementor-column-gap-no\">\n\t\t\t\t\t<div class=\"elementor-column elementor-col-100 elementor-top-column elementor-element elementor-element-500414b9\" data-id=\"500414b9\" data-element_type=\"column\">\n\t\t\t<div class=\"elementor-widget-wrap elementor-element-populated\">\n\t\t\t\t\t\t<div class=\"elementor-element elementor-element-40bbf3d elementor-widget elementor-widget-heading\" data-id=\"40bbf3d\" data-element_type=\"widget\" data-widget_type=\"heading.default\">\n\t\t\t\t<div class=\"elementor-widget-container\">\n\t\t\t\t\t<h2 class=\"elementor-heading-title elementor-size-default\">Aktuelle Termine<\/h2>\t\t\t\t<\/div>\n\t\t\t\t<\/div>\n\t\t\t\t<div class=\"elementor-element elementor-element-e14e733 elementor-widget elementor-widget-text-editor\" data-id=\"e14e733\" data-element_type=\"widget\" data-widget_type=\"text-editor.default\">\n\t\t\t\t<div class=\"elementor-widget-container\">\n\t\t\t\t\t\t\t\t\t<p><b>Hier halten wir Sie zu unseren aktuellen Terminen auf dem Laufenden:\u00a0<\/b><\/p>\t\t\t\t\t\t\t\t<\/div>\n\t\t\t\t<\/div>\n\t\t\t\t<section class=\"elementor-section elementor-inner-section elementor-element elementor-element-124a7a4 elementor-section-boxed elementor-section-height-default elementor-section-height-default\" data-id=\"124a7a4\" data-element_type=\"section\">\n\t\t\t\t\t\t<div class=\"elementor-container elementor-column-gap-default\">\n\t\t\t\t\t<div class=\"elementor-column elementor-col-33 elementor-inner-column elementor-element elementor-element-592a205\" data-id=\"592a205\" data-element_type=\"column\">\n\t\t\t<div class=\"elementor-widget-wrap elementor-element-populated\">\n\t\t\t\t\t\t<div class=\"elementor-element elementor-element-47f84cf elementor-widget elementor-widget-text-editor\" data-id=\"47f84cf\" data-element_type=\"widget\" data-widget_type=\"text-editor.default\">\n\t\t\t\t<div class=\"elementor-widget-container\">\n\t\t\t\t\t\t\t\t\t<p><strong>04.02.2026<\/strong><\/p>\t\t\t\t\t\t\t\t<\/div>\n\t\t\t\t<\/div>\n\t\t\t\t\t<\/div>\n\t\t<\/div>\n\t\t\t\t<div class=\"elementor-column elementor-col-33 elementor-inner-column elementor-element elementor-element-fda73fb\" data-id=\"fda73fb\" data-element_type=\"column\">\n\t\t\t<div class=\"elementor-widget-wrap elementor-element-populated\">\n\t\t\t\t\t\t<div class=\"elementor-element elementor-element-ec52544 elementor-widget elementor-widget-text-editor\" data-id=\"ec52544\" data-element_type=\"widget\" data-widget_type=\"text-editor.default\">\n\t\t\t\t<div class=\"elementor-widget-container\">\n\t\t\t\t\t\t\t\t\t<p><strong>Gast: Vincent Furrer<\/strong><\/p>\t\t\t\t\t\t\t\t<\/div>\n\t\t\t\t<\/div>\n\t\t\t\t\t<\/div>\n\t\t<\/div>\n\t\t\t\t<div class=\"elementor-column elementor-col-33 elementor-inner-column elementor-element elementor-element-7b02f66\" data-id=\"7b02f66\" data-element_type=\"column\">\n\t\t\t<div class=\"elementor-widget-wrap elementor-element-populated\">\n\t\t\t\t\t\t<div class=\"elementor-element elementor-element-27ed067 elementor-widget elementor-widget-text-editor\" data-id=\"27ed067\" data-element_type=\"widget\" data-widget_type=\"text-editor.default\">\n\t\t\t\t<div class=\"elementor-widget-container\">\n\t\t\t\t\t\t\t\t\t<p><strong>Schauspieler<\/strong><\/p>\t\t\t\t\t\t\t\t<\/div>\n\t\t\t\t<\/div>\n\t\t\t\t\t<\/div>\n\t\t<\/div>\n\t\t\t\t\t<\/div>\n\t\t<\/section>\n\t\t\t\t\t<\/div>\n\t\t<\/div>\n\t\t\t\t\t<\/div>\n\t\t<\/section>\n\t\t\t\t<section class=\"elementor-section elementor-top-section elementor-element elementor-element-7885905 elementor-section-boxed elementor-section-height-default elementor-section-height-default\" data-id=\"7885905\" data-element_type=\"section\">\n\t\t\t\t\t\t<div class=\"elementor-container elementor-column-gap-default\">\n\t\t\t\t\t<div class=\"elementor-column elementor-col-100 elementor-top-column elementor-element elementor-element-757d6e7\" data-id=\"757d6e7\" data-element_type=\"column\">\n\t\t\t<div class=\"elementor-widget-wrap elementor-element-populated\">\n\t\t\t\t\t\t<div class=\"elementor-element elementor-element-261d8d3 elementor-widget elementor-widget-menu-anchor\" data-id=\"261d8d3\" data-element_type=\"widget\" data-widget_type=\"menu-anchor.default\">\n\t\t\t\t<div class=\"elementor-widget-container\">\n\t\t\t\t\t\t\t<div class=\"elementor-menu-anchor\" id=\"geschichte\"><\/div>\n\t\t\t\t\t\t<\/div>\n\t\t\t\t<\/div>\n\t\t\t\t\t<\/div>\n\t\t<\/div>\n\t\t\t\t\t<\/div>\n\t\t<\/section>\n\t\t\t\t<section class=\"elementor-section elementor-top-section elementor-element elementor-element-9fb18d7 elementor-section-full_width elementor-section-height-min-height elementor-section-items-stretch elementor-section-height-default\" data-id=\"9fb18d7\" data-element_type=\"section\" data-settings=\"{&quot;background_background&quot;:&quot;classic&quot;}\">\n\t\t\t\t\t\t<div class=\"elementor-container elementor-column-gap-default\">\n\t\t\t\t\t<div class=\"elementor-column elementor-col-50 elementor-top-column elementor-element elementor-element-e333ab7\" data-id=\"e333ab7\" data-element_type=\"column\" data-settings=\"{&quot;background_background&quot;:&quot;classic&quot;}\">\n\t\t\t<div class=\"elementor-widget-wrap elementor-element-populated\">\n\t\t\t\t\t\t<div class=\"elementor-element elementor-element-119e1b9 elementor-widget elementor-widget-heading\" data-id=\"119e1b9\" data-element_type=\"widget\" data-widget_type=\"heading.default\">\n\t\t\t\t<div class=\"elementor-widget-container\">\n\t\t\t\t\t<h2 class=\"elementor-heading-title elementor-size-default\">Geschichte<\/h2>\t\t\t\t<\/div>\n\t\t\t\t<\/div>\n\t\t\t\t<div class=\"elementor-element elementor-element-5fa9f35 elementor-widget elementor-widget-text-editor\" data-id=\"5fa9f35\" data-element_type=\"widget\" data-widget_type=\"text-editor.default\">\n\t\t\t\t<div class=\"elementor-widget-container\">\n\t\t\t\t\t\t\t\t\t<p>Am 1.10.1979 wurde die Satzung f\u00fcr den neu gegr\u00fcndeten Verein \u201eFreunde des Ulmer Theaters e.V.\u201c errichtet. Gr\u00fcnder und Motor des Vereins war Michael C. Wieland gemeinsam mit den Intendanten Peter Borchardt und dessen, 1979 neu berufenen, Nachfolger Volkmar Clau\u00df, sowie dem damals amtierenden Kulturb\u00fcrgermeister Dr. G\u00f6tz Hartung. Als Vorsitzender wirkte er \u00fcber 30 Jahre, bis 2011, im Verein, anf\u00e4nglich mit Vera Leplat und Benno Becker als Stellvertreter. Michael C. Wieland verk\u00f6rperte die Theaterfreunde in der Stadt und hat vielf\u00e4ltige Unterst\u00fctzung, materiell und immateriell, f\u00fcr das Ulmer Theater generiert.<\/p><p>Unvergessen sind die Theaterb\u00e4lle mit Chris Barber, deren Erl\u00f6s dem Theater zu Gute kam. <br \/>Eine besondere Aktion war die anl\u00e4sslich des Jubil\u00e4ums \u201e350 Jahre Ulmer Stadttheater\u201c 1990 durchgef\u00fchrte Kunstauktion mit \u00fcber 120 K\u00fcnstlern sowie die Heraushabe einer Theatermedaille gemeinsam mit der UImer Volksbank und der Sparkasse Ulm.<\/p><p>1996 konnte dank eines Spendenaufrufs des Vereins die Bestuhlung im Gro\u00dfen Haus erneuert werden.<\/p><p>2012 wurde der Verein unter F\u00fchrung von Richard Sommer in \u201eFreunde und F\u00f6rderer des Ulmer Theaters e.V.\u201c umbenannt. <br \/>2013 wurde Katja Adler Vorsitzende; sie f\u00fchrte den Verein bis Juni 2019. Im Juni 2019 w\u00e4hlte die Mitgliederversammlung Johanna Kienzerle zur Vorsitzenden.<\/p>\t\t\t\t\t\t\t\t<\/div>\n\t\t\t\t<\/div>\n\t\t\t\t\t<\/div>\n\t\t<\/div>\n\t\t\t\t<div class=\"elementor-column elementor-col-50 elementor-top-column elementor-element elementor-element-63064fc\" data-id=\"63064fc\" data-element_type=\"column\" data-settings=\"{&quot;background_background&quot;:&quot;classic&quot;}\">\n\t\t\t<div class=\"elementor-widget-wrap elementor-element-populated\">\n\t\t\t\t\t\t<div class=\"elementor-element elementor-element-3c030b8 elementor-widget elementor-widget-spacer\" data-id=\"3c030b8\" data-element_type=\"widget\" data-widget_type=\"spacer.default\">\n\t\t\t\t<div class=\"elementor-widget-container\">\n\t\t\t\t\t\t\t<div class=\"elementor-spacer\">\n\t\t\t<div class=\"elementor-spacer-inner\"><\/div>\n\t\t<\/div>\n\t\t\t\t\t\t<\/div>\n\t\t\t\t<\/div>\n\t\t\t\t\t<\/div>\n\t\t<\/div>\n\t\t\t\t\t<\/div>\n\t\t<\/section>\n\t\t\t\t<section class=\"elementor-section elementor-top-section elementor-element elementor-element-d0dffac elementor-section-boxed elementor-section-height-default elementor-section-height-default\" data-id=\"d0dffac\" data-element_type=\"section\">\n\t\t\t\t\t\t<div class=\"elementor-container elementor-column-gap-default\">\n\t\t\t\t\t<div class=\"elementor-column elementor-col-100 elementor-top-column elementor-element elementor-element-ca4942e\" data-id=\"ca4942e\" data-element_type=\"column\">\n\t\t\t<div class=\"elementor-widget-wrap elementor-element-populated\">\n\t\t\t\t\t\t<div class=\"elementor-element elementor-element-32facfe elementor-widget elementor-widget-menu-anchor\" data-id=\"32facfe\" data-element_type=\"widget\" data-widget_type=\"menu-anchor.default\">\n\t\t\t\t<div class=\"elementor-widget-container\">\n\t\t\t\t\t\t\t<div class=\"elementor-menu-anchor\" id=\"kontakte\"><\/div>\n\t\t\t\t\t\t<\/div>\n\t\t\t\t<\/div>\n\t\t\t\t\t<\/div>\n\t\t<\/div>\n\t\t\t\t\t<\/div>\n\t\t<\/section>\n\t\t\t\t<section class=\"elementor-section elementor-top-section elementor-element elementor-element-1cf783e elementor-section-boxed elementor-section-height-default elementor-section-height-default\" data-id=\"1cf783e\" data-element_type=\"section\">\n\t\t\t\t\t\t<div class=\"elementor-container elementor-column-gap-default\">\n\t\t\t\t\t<div class=\"elementor-column elementor-col-100 elementor-top-column elementor-element elementor-element-9ff9839\" data-id=\"9ff9839\" data-element_type=\"column\">\n\t\t\t<div class=\"elementor-widget-wrap elementor-element-populated\">\n\t\t\t\t\t\t<div class=\"elementor-element elementor-element-0015210 elementor-widget elementor-widget-spacer\" data-id=\"0015210\" data-element_type=\"widget\" data-widget_type=\"spacer.default\">\n\t\t\t\t<div class=\"elementor-widget-container\">\n\t\t\t\t\t\t\t<div class=\"elementor-spacer\">\n\t\t\t<div class=\"elementor-spacer-inner\"><\/div>\n\t\t<\/div>\n\t\t\t\t\t\t<\/div>\n\t\t\t\t<\/div>\n\t\t\t\t<div class=\"elementor-element elementor-element-51b0cb9 elementor-widget elementor-widget-heading\" data-id=\"51b0cb9\" data-element_type=\"widget\" data-widget_type=\"heading.default\">\n\t\t\t\t<div class=\"elementor-widget-container\">\n\t\t\t\t\t<h2 class=\"elementor-heading-title elementor-size-default\">Kontakt<\/h2>\t\t\t\t<\/div>\n\t\t\t\t<\/div>\n\t\t\t\t\t<\/div>\n\t\t<\/div>\n\t\t\t\t\t<\/div>\n\t\t<\/section>\n\t\t\t\t<section class=\"elementor-section elementor-top-section elementor-element elementor-element-9358f12 elementor-section-boxed elementor-section-height-default elementor-section-height-default\" data-id=\"9358f12\" data-element_type=\"section\">\n\t\t\t\t\t\t<div class=\"elementor-container elementor-column-gap-wider\">\n\t\t\t\t\t<div class=\"elementor-column elementor-col-33 elementor-top-column elementor-element elementor-element-e69bf44\" data-id=\"e69bf44\" data-element_type=\"column\">\n\t\t\t<div class=\"elementor-widget-wrap elementor-element-populated\">\n\t\t\t\t\t\t<div class=\"elementor-element elementor-element-6f46323 elementor-widget elementor-widget-text-editor\" data-id=\"6f46323\" data-element_type=\"widget\" data-widget_type=\"text-editor.default\">\n\t\t\t\t<div class=\"elementor-widget-container\">\n\t\t\t\t\t\t\t\t\t<p><strong>Gesch\u00e4ftsstelle<br \/><\/strong><\/p><p>im Theater Ulm<br \/>Herbert-von-Karajan-Platz 1<br \/>89073 Ulm<\/p>\t\t\t\t\t\t\t\t<\/div>\n\t\t\t\t<\/div>\n\t\t\t\t\t<\/div>\n\t\t<\/div>\n\t\t\t\t<div class=\"elementor-column elementor-col-33 elementor-top-column elementor-element elementor-element-2fb3054\" data-id=\"2fb3054\" data-element_type=\"column\">\n\t\t\t<div class=\"elementor-widget-wrap elementor-element-populated\">\n\t\t\t\t\t\t<div class=\"elementor-element elementor-element-a563ffc elementor-widget elementor-widget-text-editor\" data-id=\"a563ffc\" data-element_type=\"widget\" data-widget_type=\"text-editor.default\">\n\t\t\t\t<div class=\"elementor-widget-container\">\n\t\t\t\t\t\t\t\t\t<p><strong>Ansprechpartnerin Gesch\u00e4ftsstelle<\/strong><\/p><p>Michaela Miller-Englbrecht<br \/>0731 \/ 161-4401<\/p>\t\t\t\t\t\t\t\t<\/div>\n\t\t\t\t<\/div>\n\t\t\t\t\t<\/div>\n\t\t<\/div>\n\t\t\t\t<div class=\"elementor-column elementor-col-33 elementor-top-column elementor-element elementor-element-c894de8\" data-id=\"c894de8\" data-element_type=\"column\">\n\t\t\t<div class=\"elementor-widget-wrap elementor-element-populated\">\n\t\t\t\t\t\t<div class=\"elementor-element elementor-element-4737e45 elementor-widget elementor-widget-text-editor\" data-id=\"4737e45\" data-element_type=\"widget\" data-widget_type=\"text-editor.default\">\n\t\t\t\t<div class=\"elementor-widget-container\">\n\t\t\t\t\t\t\t\t\t<p><strong>Vorstand<\/strong><\/p><p>Den Vorstand erreichen Sie <a href=\"mailto:info@theaterfreunde-ulm.de\">info@theaterfreunde-ulm.de<\/a><\/p>\t\t\t\t\t\t\t\t<\/div>\n\t\t\t\t<\/div>\n\t\t\t\t\t<\/div>\n\t\t<\/div>\n\t\t\t\t\t<\/div>\n\t\t<\/section>\n\t\t\t\t<section class=\"elementor-section elementor-top-section elementor-element elementor-element-6604d33 elementor-section-full_width elementor-section-height-default elementor-section-height-default\" data-id=\"6604d33\" data-element_type=\"section\">\n\t\t\t\t\t\t<div class=\"elementor-container elementor-column-gap-default\">\n\t\t\t\t\t<div class=\"elementor-column elementor-col-100 elementor-top-column elementor-element elementor-element-9316680\" data-id=\"9316680\" data-element_type=\"column\">\n\t\t\t<div class=\"elementor-widget-wrap elementor-element-populated\">\n\t\t\t\t\t\t<div class=\"elementor-element elementor-element-cf4621b elementor-widget-divider--view-line elementor-widget elementor-widget-divider\" data-id=\"cf4621b\" data-element_type=\"widget\" data-widget_type=\"divider.default\">\n\t\t\t\t<div class=\"elementor-widget-container\">\n\t\t\t\t\t\t\t<div class=\"elementor-divider\">\n\t\t\t<span class=\"elementor-divider-separator\">\n\t\t\t\t\t\t<\/span>\n\t\t<\/div>\n\t\t\t\t\t\t<\/div>\n\t\t\t\t<\/div>\n\t\t\t\t\t<\/div>\n\t\t<\/div>\n\t\t\t\t\t<\/div>\n\t\t<\/section>\n\t\t\t\t<section class=\"elementor-section elementor-top-section elementor-element elementor-element-3c4a467 elementor-section-boxed elementor-section-height-default elementor-section-height-default\" data-id=\"3c4a467\" data-element_type=\"section\">\n\t\t\t\t\t\t<div class=\"elementor-container elementor-column-gap-wider\">\n\t\t\t\t\t<div class=\"elementor-column elementor-col-33 elementor-top-column elementor-element elementor-element-7c6f376\" data-id=\"7c6f376\" data-element_type=\"column\">\n\t\t\t<div class=\"elementor-widget-wrap elementor-element-populated\">\n\t\t\t\t\t\t<div class=\"elementor-element elementor-element-e1301e3 elementor-widget elementor-widget-image\" data-id=\"e1301e3\" data-element_type=\"widget\" data-widget_type=\"image.default\">\n\t\t\t\t<div class=\"elementor-widget-container\">\n\t\t\t\t\t\t\t\t\t\t\t\t\t\t\t\t<a href=\"https:\/\/www.theater-ulm.de\/\">\n\t\t\t\t\t\t\t<img loading=\"lazy\" decoding=\"async\" width=\"261\" height=\"150\" src=\"https:\/\/www.theaterfreunde-ulm.de\/wp-content\/uploads\/2021\/12\/Logo.png\" class=\"attachment-large size-large wp-image-319\" alt=\"\" \/>\t\t\t\t\t\t\t\t<\/a>\n\t\t\t\t\t\t\t\t\t\t\t\t\t\t\t<\/div>\n\t\t\t\t<\/div>\n\t\t\t\t\t<\/div>\n\t\t<\/div>\n\t\t\t\t<div class=\"elementor-column elementor-col-33 elementor-top-column elementor-element elementor-element-44a06a4\" data-id=\"44a06a4\" data-element_type=\"column\">\n\t\t\t<div class=\"elementor-widget-wrap elementor-element-populated\">\n\t\t\t\t\t\t<div class=\"elementor-element elementor-element-bccc99c elementor-widget elementor-widget-text-editor\" data-id=\"bccc99c\" data-element_type=\"widget\" data-widget_type=\"text-editor.default\">\n\t\t\t\t<div class=\"elementor-widget-container\">\n\t\t\t\t\t\t\t\t\t<p><a href=\"https:\/\/www.theaterfreunde-ulm.de\/?page_id=302\">Datenschutz<\/a><\/p><p><a href=\"https:\/\/www.theaterfreunde-ulm.de\/?page_id=297\">Impressum<\/a><\/p>\t\t\t\t\t\t\t\t<\/div>\n\t\t\t\t<\/div>\n\t\t\t\t\t<\/div>\n\t\t<\/div>\n\t\t\t\t<div class=\"elementor-column elementor-col-33 elementor-top-column elementor-element elementor-element-c7da087\" data-id=\"c7da087\" data-element_type=\"column\">\n\t\t\t<div class=\"elementor-widget-wrap elementor-element-populated\">\n\t\t\t\t\t\t<div class=\"elementor-element elementor-element-e3a61a3 elementor-widget elementor-widget-image\" data-id=\"e3a61a3\" data-element_type=\"widget\" data-widget_type=\"image.default\">\n\t\t\t\t<div class=\"elementor-widget-container\">\n\t\t\t\t\t\t\t\t\t\t\t\t\t\t\t\t<a href=\"https:\/\/www.facebook.com\/TheaterfreundeUlm\/?ref=br_rs\">\n\t\t\t\t\t\t\t<img loading=\"lazy\" decoding=\"async\" width=\"150\" height=\"150\" src=\"https:\/\/www.theaterfreunde-ulm.de\/wp-content\/uploads\/2021\/12\/Facebookicon-150x150.png\" class=\"attachment-thumbnail size-thumbnail wp-image-320\" alt=\"\" srcset=\"https:\/\/www.theaterfreunde-ulm.de\/wp-content\/uploads\/2021\/12\/Facebookicon-150x150.png 150w, https:\/\/www.theaterfreunde-ulm.de\/wp-content\/uploads\/2021\/12\/Facebookicon-300x300.png 300w, https:\/\/www.theaterfreunde-ulm.de\/wp-content\/uploads\/2021\/12\/Facebookicon-768x768.png 768w, https:\/\/www.theaterfreunde-ulm.de\/wp-content\/uploads\/2021\/12\/Facebookicon.png 1000w\" sizes=\"(max-width: 150px) 100vw, 150px\" \/>\t\t\t\t\t\t\t\t<\/a>\n\t\t\t\t\t\t\t\t\t\t\t\t\t\t\t<\/div>\n\t\t\t\t<\/div>\n\t\t\t\t\t<\/div>\n\t\t<\/div>\n\t\t\t\t\t<\/div>\n\t\t<\/section>\n\t\t\t\t<\/div>\n\t\t","protected":false},"excerpt":{"rendered":"<p>Theaterfreunde Ulm Gro\u00dfe Spendenaktion nach Brand im Theaterlager startete am 19.09.2025 F\u00fcr weitere Informationen bitte nach unten scrollen! Freunde und F\u00f6rderer des Ulmer Theaters e.V. Verein Vorstand, Beitragsordnung, Satzung, Beitrittserkl\u00e4rung: Hier finden Sie alle organisatorischen Informationen. Mehr Informationen Aktivit\u00e4ten Informationen zu finanzieller Unterst\u00fctzung, Generalprobenbesuchen, unserer eigenen Veranstaltungsreihe und mehr. Mehr Informationen Geschichte Zur Entstehung unseres [&hellip;]<\/p>\n","protected":false},"author":1,"featured_media":0,"parent":0,"menu_order":0,"comment_status":"closed","ping_status":"closed","template":"elementor_header_footer","meta":{"ocean_post_layout":"","ocean_both_sidebars_style":"","ocean_both_sidebars_content_width":0,"ocean_both_sidebars_sidebars_width":0,"ocean_sidebar":"0","ocean_second_sidebar":"0","ocean_disable_margins":"enable","ocean_add_body_class":"","ocean_shortcode_before_top_bar":"","ocean_shortcode_after_top_bar":"","ocean_shortcode_before_header":"","ocean_shortcode_after_header":"","ocean_has_shortcode":"","ocean_shortcode_after_title":"","ocean_shortcode_before_footer_widgets":"","ocean_shortcode_after_footer_widgets":"","ocean_shortcode_before_footer_bottom":"","ocean_shortcode_after_footer_bottom":"","ocean_display_top_bar":"off","ocean_display_header":"off","ocean_header_style":"","ocean_center_header_left_menu":"0","ocean_custom_header_template":"0","ocean_custom_logo":0,"ocean_custom_retina_logo":0,"ocean_custom_logo_max_width":0,"ocean_custom_logo_tablet_max_width":0,"ocean_custom_logo_mobile_max_width":0,"ocean_custom_logo_max_height":0,"ocean_custom_logo_tablet_max_height":0,"ocean_custom_logo_mobile_max_height":0,"ocean_header_custom_menu":"0","ocean_menu_typo_font_family":"0","ocean_menu_typo_font_subset":"","ocean_menu_typo_font_size":0,"ocean_menu_typo_font_size_tablet":0,"ocean_menu_typo_font_size_mobile":0,"ocean_menu_typo_font_size_unit":"px","ocean_menu_typo_font_weight":"","ocean_menu_typo_font_weight_tablet":"","ocean_menu_typo_font_weight_mobile":"","ocean_menu_typo_transform":"","ocean_menu_typo_transform_tablet":"","ocean_menu_typo_transform_mobile":"","ocean_menu_typo_line_height":0,"ocean_menu_typo_line_height_tablet":0,"ocean_menu_typo_line_height_mobile":0,"ocean_menu_typo_line_height_unit":"","ocean_menu_typo_spacing":0,"ocean_menu_typo_spacing_tablet":0,"ocean_menu_typo_spacing_mobile":0,"ocean_menu_typo_spacing_unit":"","ocean_menu_link_color":"","ocean_menu_link_color_hover":"","ocean_menu_link_color_active":"","ocean_menu_link_background":"","ocean_menu_link_hover_background":"","ocean_menu_link_active_background":"","ocean_menu_social_links_bg":"","ocean_menu_social_hover_links_bg":"","ocean_menu_social_links_color":"","ocean_menu_social_hover_links_color":"","ocean_disable_title":"on","ocean_disable_heading":"default","ocean_post_title":"","ocean_post_subheading":"","ocean_post_title_style":"","ocean_post_title_background_color":"","ocean_post_title_background":0,"ocean_post_title_bg_image_position":"","ocean_post_title_bg_image_attachment":"","ocean_post_title_bg_image_repeat":"","ocean_post_title_bg_image_size":"","ocean_post_title_height":0,"ocean_post_title_bg_overlay":0.5,"ocean_post_title_bg_overlay_color":"","ocean_disable_breadcrumbs":"default","ocean_breadcrumbs_color":"","ocean_breadcrumbs_separator_color":"","ocean_breadcrumbs_links_color":"","ocean_breadcrumbs_links_hover_color":"","ocean_display_footer_widgets":"off","ocean_display_footer_bottom":"off","ocean_custom_footer_template":"0","footnotes":""},"class_list":["post-7","page","type-page","status-publish","hentry","entry"],"_links":{"self":[{"href":"https:\/\/www.theaterfreunde-ulm.de\/index.php?rest_route=\/wp\/v2\/pages\/7","targetHints":{"allow":["GET"]}}],"collection":[{"href":"https:\/\/www.theaterfreunde-ulm.de\/index.php?rest_route=\/wp\/v2\/pages"}],"about":[{"href":"https:\/\/www.theaterfreunde-ulm.de\/index.php?rest_route=\/wp\/v2\/types\/page"}],"author":[{"embeddable":true,"href":"https:\/\/www.theaterfreunde-ulm.de\/index.php?rest_route=\/wp\/v2\/users\/1"}],"replies":[{"embeddable":true,"href":"https:\/\/www.theaterfreunde-ulm.de\/index.php?rest_route=%2Fwp%2Fv2%2Fcomments&post=7"}],"version-history":[{"count":814,"href":"https:\/\/www.theaterfreunde-ulm.de\/index.php?rest_route=\/wp\/v2\/pages\/7\/revisions"}],"predecessor-version":[{"id":987,"href":"https:\/\/www.theaterfreunde-ulm.de\/index.php?rest_route=\/wp\/v2\/pages\/7\/revisions\/987"}],"wp:attachment":[{"href":"https:\/\/www.theaterfreunde-ulm.de\/index.php?rest_route=%2Fwp%2Fv2%2Fmedia&parent=7"}],"curies":[{"name":"wp","href":"https:\/\/api.w.org\/{rel}","templated":true}]}}